{"id":22,"name":"informacja-dotyczaca-przetwarzania-danych-osobowych","title":"Informacja dotycz\u0105ca przetwarzania danych osobowych","desc":"","header":"Informacja dotycz\u0105ca przetwarzania danych osobowych","lead":"","keywords":"","changes":"zmiana danych w w\/w postronie","menu":"Dane osobowe","path":"\/informacja-dotyczaca-przetwarzania-danych-osobowych.html","url":"\/informacja-dotyczaca-przetwarzania-danych-osobowych.html","infoOwner":"Jednostka 3","dateFirstPublicate":"2021-08-12 14:28:30","dateLastVersionPublicate":"2022-10-26 14:31:14","dateAvailableFrom":"2021-08-12 14:28:11","dateAvailableTo":"","type":"jednostki_Zwyk\u0142a","pageParams":[],"components":[{"id":"93bb94fe-7312-11e9-90c1-000c290e6fc2","type":"SectionDescription","name":"","description":"Zajawka sekcji","content":[]},{"id":"93bbe8e3-7312-11e9-90c1-000c290e6fc2","type":"PageTitle","name":"Tytu\u0142 strony","description":"Tytu\u0142 strony","content":{"title":"Informacja dotycz\u0105ca przetwarzania danych osobowych"}},{"id":"93bc435c-7312-11e9-90c1-000c290e6fc2","type":"PageDescription","name":"","description":"Zajawka strony","content":[]},{"id":"93bcef8e-7312-11e9-90c1-000c290e6fc2","type":"ContentWYSIWYG","name":"Tre\u015b\u0107","description":"Tre\u015b\u0107 strony","content":{"content":"\u003Cp style=\u0022text-align: center;\u0022\u003E\u003Cstrong\u003E\u003Cspan style=\u0022font-size: 14pt;\u0022\u003EInformacja dotycz\u0105ca przetwarzania danych osobowych.\u003Cbr \/\u003E\u003Cbr \/\u003E\u003C\/span\u003E\u003C\/strong\u003E\u003C\/p\u003E\n\u003Cp style=\u0022text-align: justify; text-indent: 35.4pt; vertical-align: baseline;\u0022\u003E\u003Cspan style=\u0022border: 1pt none windowtext; padding: 0cm; font-size: 12pt;\u0022\u003EZgodnie z art. 13 ust. 1 i 2 og\u00f3lnego rozporz\u0105dzenia o ochronie danych osobowych z dnia 27 kwietnia 2016 r. informuj\u0119, i\u017c:\u003C\/span\u003E\u003C\/p\u003E\n\u003Cp style=\u0022text-align: justify; text-indent: 35.4pt; vertical-align: baseline;\u0022\u003E\u003Cspan style=\u0022font-size: 12pt;\u0022\u003E\u003Cstrong\u003E\u003Cspan style=\u0022border: 1pt none windowtext; padding: 0cm;\u0022\u003EAdministratorem Twoich danych osobowych jest\u003C\/span\u003E\u003C\/strong\u003E\u00a0\u003Cstrong\u003E\u003Cspan style=\u0022border: 1pt none windowtext; padding: 0cm;\u0022\u003ESamodzielny Publiczny Zak\u0142ad Opieki Zdrowotnej\u00a0 Szpital Specjalistyczny nr 2 w Bytomiu \u003C\/span\u003E\u003C\/strong\u003Ez siedzib\u0105 w Bytomiu (41-902) przy ul. Stefana Batorego 15, adres e-mail: \u003Ca href=\u0022mailto:sekretariat@szpital2.bytom.pl\u0022\u003Esekretariat@szpital2.bytom.pl\u003C\/a\u003E, numer telefonu 32 7861 400.\u003C\/span\u003E\u003C\/p\u003E\n\u003Cp style=\u0022text-align: justify; text-indent: 35.4pt; vertical-align: baseline;\u0022\u003E\u003Cspan style=\u0022font-size: 12pt;\u0022\u003E\u003Cstrong\u003EKontakt do Inspektora Ochrony Danych\u003C\/strong\u003E, Martyna Zaj\u0105c - adres e-mail: \u003Ca href=\u0022mailto:iod@szpital2.bytom.pl\u0022\u003Eiod@szpital2.bytom.pl\u003C\/a\u003E, \u003C\/span\u003E\u003C\/p\u003E\n\u003Cp style=\u0022text-align: justify; text-indent: 35.4pt; vertical-align: baseline;\u0022\u003E\u003Cspan style=\u0022font-size: 12pt;\u0022\u003E\u003Cstrong\u003E\u003Cspan style=\u0022border: 1pt none windowtext; padding: 0cm;\u0022\u003EMasz prawo\u00a0\u003C\/span\u003E\u003C\/strong\u003Edost\u0119pu do swoich danych, ich sprostowania, \u017c\u0105dania ich usuni\u0119cia, prawo ograniczenia przetwarzania i prawo przenoszenia danych. Przys\u0142uguje Ci prawo wniesienia skargi do organu nadzorczego, je\u017celi Twoje dane s\u0105 przetwarzane niezgodnie \u003C\/span\u003E\u003Cbr \/\u003E\u003Cspan style=\u0022font-size: 12pt;\u0022\u003E z wymogami prawnymi.\u003C\/span\u003E\u003C\/p\u003E\n\u003Cp style=\u0022text-align: justify; text-indent: 35.4pt; vertical-align: baseline;\u0022\u003E\u003Cspan style=\u0022font-size: 12pt;\u0022\u003E\u003Cstrong\u003E\u003Cspan style=\u0022border: 1pt none windowtext; padding: 0cm;\u0022\u003EDane b\u0119d\u0105 przetwarzane w celu\u003C\/span\u003E\u003C\/strong\u003E\u00a0prowadzenia przez Administratora dzia\u0142alno\u015bci leczniczej, w szczeg\u00f3lno\u015bci w celu \u015bwiadczenia przez Administratora us\u0142ug medycznych oraz prowadzenia wymaganej przepisami prawa dokumentacji medycznej.\u003C\/span\u003E\u003C\/p\u003E\n\u003Cp style=\u0022text-align: justify; text-indent: 35.4pt; vertical-align: baseline;\u0022\u003E\u003Cspan style=\u0022font-size: 12pt;\u0022\u003E\u003Cstrong\u003E\u003Cspan style=\u0022border: 1pt none windowtext; padding: 0cm;\u0022\u003EPodanie danych jest dobrowolne,\u00a0\u003C\/span\u003E\u003C\/strong\u003Ejednak\u017ce ich niepodanie b\u0119dzie skutkowa\u0142o niemo\u017cno\u015bci\u0105 wykonania us\u0142ugi medycznej.\u003C\/span\u003E\u003C\/p\u003E\n\u003Cp style=\u0022text-align: justify; text-indent: 35.4pt; vertical-align: baseline;\u0022\u003E\u003Cspan style=\u0022font-size: 12pt;\u0022\u003E\u003Cstrong\u003E\u003Cspan style=\u0022border: 1pt none windowtext; padding: 0cm;\u0022\u003EPodstaw\u0105 prawn\u0105 przetwarzania Twoich danych\u003C\/span\u003E\u003C\/strong\u003E\u00a0w zakresie prowadzenia dzia\u0142alno\u015bci leczniczej, w tym tak\u017ce w zakresie prowadzenia dokumentacji medycznej, jest art. 6 ust. 1 lit. C i art. 9 ust. 2 lit. H rozporz\u0105dzenia Parlamentu Europejskiego i Rady (UE) 2016\/679 z 27 kwietnia 2016 r. w sprawie ochrony os\u00f3b fizycznych w zwi\u0105zku z przetwarzaniem danych osobowych i w sprawie swobodnego przep\u0142ywu takich danych oraz uchylenia dyrektywy 95\/46\/WE - dalej: RODO, w zw. z przepisami ustawy z 15.04.2011 r. o dzia\u0142alno\u015bci leczniczej oraz ustawy z 06.11.2008 r. o prawach pacjenta i Rzeczniku Praw Pacjenta. Podstaw\u0105 przetwarzania danych w zakresie, jaki jest niezb\u0119dny dla ochrony \u017cywotnych interes\u00f3w pacjenta, mo\u017ce by\u0107 r\u00f3wnie\u017c art. 6 ust. 1 lit. d RODO. W zakresie, w jakim przetwarzane dane obejmuj\u0105 dane szczeg\u00f3lnych kategorii, podstaw\u0105 prawn\u0105 przetwarzania danych jest art. 9 ust. 2 lit. c i h RODO.\u003C\/span\u003E\u003C\/p\u003E\n\u003Cp style=\u0022text-align: justify; text-indent: 35.4pt; vertical-align: baseline;\u0022\u003E\u003Cspan style=\u0022font-size: 12pt;\u0022\u003E\u003Cstrong\u003E\u003Cspan style=\u0022border: 1pt none windowtext; padding: 0cm;\u0022\u003EOdbiorcami danych osobowych mog\u0105 by\u0107:\u003C\/span\u003E\u003C\/strong\u003E podmioty upowa\u017cnione do uzyskania informacji na podstawie przepis\u00f3w ustawy z dnia 6 listopada 2008 r. o prawach pacjenta i Rzeczniku Praw Pacjenta, s\u0105dy, prokuratury, organy nadzoru i kontroli\u003C\/span\u003E\u003C\/p\u003E\n\u003Cp style=\u0022text-align: justify; text-indent: 35.4pt; vertical-align: baseline;\u0022\u003E\u003Cspan style=\u0022font-size: 12pt;\u0022\u003E\u003Cstrong\u003E\u003Cspan style=\u0022border: 1pt none windowtext; padding: 0cm;\u0022\u003ETwoje dane osobowe nie b\u0119d\u0105 przekazywane do pa\u0144stw znajduj\u0105cych si\u0119 poza Europejskim Obszarem Gospodarczym.\u003C\/span\u003E\u003C\/strong\u003E\u003C\/span\u003E\u003C\/p\u003E\n\u003Cp style=\u0022text-align: justify; text-indent: 35.4pt; vertical-align: baseline;\u0022\u003E\u003Cspan style=\u0022font-size: 12pt;\u0022\u003E\u003Cstrong\u003ETwoje dane osobowe b\u0119d\u0105 przechowywane do czasu ustania obowi\u0105zku archiwizacji danych okre\u015blonych Ustaw\u0105 z dnia 6 listopada 2008 r. o prawach pacjenta i Rzeczniku Praw Pacjenta.\u003C\/strong\u003E\u003C\/span\u003E\u003C\/p\u003E\n\u003Cp style=\u0022text-align: justify; text-indent: 35.4pt; vertical-align: baseline;\u0022\u003E\u003Cspan style=\u0022font-size: 12pt;\u0022\u003E\u003Cstrong\u003E\u003Cspan style=\u0022border: 1pt none windowtext; padding: 0cm;\u0022\u003EAdministrator nie b\u0119dzie stosowa\u0142 wobec Ciebie zautomatyzowanego podejmowania decyzji, w tym profilowania.\u003C\/span\u003E\u003C\/strong\u003E\u003C\/span\u003E\u003C\/p\u003E\n\u003Cp style=\u0022text-align: justify; text-indent: 35.4pt; vertical-align: baseline;\u0022\u003E\u003Cstrong\u003E\u003Cspan style=\u0022border: 1pt none windowtext; padding: 0cm;\u0022\u003E\u003Cspan style=\u0022font-size: 12pt;\u0022\u003EDane osobowe zawarte w dokumentacji medycznej b\u0119d\u0105 przetwarzane zgodnie z wymogami art. 29 ust. 1 ustawy z\u00a06 listopada 2008 r. o prawach pacjenta i Rzeczniku Praw Pacjenta (Dz.U. z 2017 r. poz. 1318).\u003C\/span\u003E \u003C\/span\u003E\u003C\/strong\u003E\u003C\/p\u003E","promotion":false}},{"id":"93bd42ce-7312-11e9-90c1-000c290e6fc2","type":"Gallery","name":"Galeria","description":"Galeria"},{"id":"93bd956b-7312-11e9-90c1-000c290e6fc2","type":"Attachment","name":"Za\u0142\u0105czniki","description":"Za\u0142\u0105czniki do strony"},{"id":"d63e71ef-92cf-11f0-b976-00505697ccff","type":"PageThumbnail","name":"","description":"Miniaturka strony","content":[]}]}