{"id":42,"name":"administracja","title":"Administracja","desc":"","header":"Administracja","lead":"","keywords":"","changes":"Poprawa danych","menu":"","path":"\/informacje-o-jednostce\/administracja.html","url":"\/informacje-o-jednostce\/administracja.html","infoOwner":"Szpital Specjalistyczny nr 2 w Bytomiu","dateFirstPublicate":"2022-10-03 10:28:47","dateLastVersionPublicate":"2024-03-22 07:41:54","dateAvailableFrom":"2022-10-03 10:27:02","dateAvailableTo":"","type":"jednostki_Zwyk\u0142a","pageParams":[],"components":[{"id":"93bb94fe-7312-11e9-90c1-000c290e6fc2","type":"SectionDescription","name":"","description":"Zajawka sekcji","content":[]},{"id":"93bbe8e3-7312-11e9-90c1-000c290e6fc2","type":"PageTitle","name":"Tytu\u0142 strony","description":"Tytu\u0142 strony","content":{"title":"Administracja"}},{"id":"93bc435c-7312-11e9-90c1-000c290e6fc2","type":"PageDescription","name":"","description":"Zajawka strony","content":[]},{"id":"93bcef8e-7312-11e9-90c1-000c290e6fc2","type":"ContentWYSIWYG","name":"Tre\u015b\u0107","description":"Tre\u015b\u0107 strony","content":{"content":"\u003Cp style=\u0022text-align: center;\u0022\u003E\u003Cspan style=\u0022text-decoration: underline; font-size: 14pt;\u0022\u003E\u003Cspan style=\u0022color: #5c7685;\u0022\u003E\u003Cspan style=\u0022text-decoration: underline;\u0022\u003E\u003Cstrong\u003EDzia\u0142 Kadr i P\u0142ac \u003C\/strong\u003E \u003C\/span\u003E \u003C\/span\u003E \u003C\/span\u003E\u003C\/p\u003E\n\u003Ctable style=\u0022margin-left: auto; margin-right: auto;\u0022 border=\u00220\u0022\u003E\n\u003Ctbody\u003E\n\u003Ctr\u003E\n\u003Ctd\u003E\u003C\/td\u003E\n\u003Ctd\u003E\u003Cspan style=\u0022color: #333333; font-size: 12pt;\u0022\u003E(32) 786 14 33\u003C\/span\u003E\u003C\/td\u003E\n\u003C\/tr\u003E\n\u003Ctr\u003E\n\u003Ctd\u003E\u003C\/td\u003E\n\u003Ctd\u003E\u003Cspan style=\u0022color: #333333; font-size: 12pt;\u0022\u003E(32) 786 14 43\u003C\/span\u003E\u003C\/td\u003E\n\u003C\/tr\u003E\n\u003Ctr\u003E\n\u003Ctd\u003E\u003C\/td\u003E\n\u003Ctd\u003E\u003Cspan style=\u0022color: #333333; font-size: 12pt;\u0022\u003E(32) 786 14 44\u003C\/span\u003E\u003C\/td\u003E\n\u003C\/tr\u003E\n\u003C\/tbody\u003E\n\u003C\/table\u003E\n\u003Ctable style=\u0022margin-left: auto; margin-right: auto;\u0022 border=\u00220\u0022\u003E\n\u003Ctbody\u003E\n\u003Ctr\u003E\n\u003Ctd\u003E\u003C\/td\u003E\n\u003Ctd\u003E\u003Cspan style=\u0022color: #333333; font-size: 12pt;\u0022\u003E \u003Ca href=\u0022mailto:kadry@szpital2.bytom.pl\u0022\u003Ekadry@szpital2.bytom.pl\u003C\/a\u003E\u003C\/span\u003E\u003C\/td\u003E\n\u003C\/tr\u003E\n\u003C\/tbody\u003E\n\u003C\/table\u003E\n\u003Cp style=\u0022text-align: center;\u0022\u003E\u003Cspan style=\u0022font-size: 12pt; color: #333333;\u0022\u003EKierownik - mgr Ilona Gaw\u0142owska\u003C\/span\u003E\u003C\/p\u003E\n\u003Ctable style=\u0022margin-left: auto; margin-right: auto;\u0022 border=\u00220\u0022\u003E\n\u003Ctbody\u003E\n\u003Ctr\u003E\n\u003Ctd\u003E\u003C\/td\u003E\n\u003Ctd style=\u0022text-align: center;\u0022\u003E\u003Cspan style=\u0022font-size: 12pt;\u0022\u003E(32) 786 14 32\u003C\/span\u003E\u003C\/td\u003E\n\u003C\/tr\u003E\n\u003C\/tbody\u003E\n\u003C\/table\u003E\n\u003Ctable style=\u0022margin-left: auto; margin-right: auto;\u0022 border=\u00220\u0022\u003E\n\u003Ctbody\u003E\n\u003Ctr\u003E\n\u003Ctd\u003E\u003C\/td\u003E\n\u003Ctd\u003E\u003Cspan style=\u0022font-size: 12pt;\u0022\u003E \u003Ca href=\u0022mailto:igawlowska@szpital2.bytom.pl\u0022\u003Eigawlowska@szpital2.bytom.pl\u003C\/a\u003E\u003C\/span\u003E\u003C\/td\u003E\n\u003C\/tr\u003E\n\u003C\/tbody\u003E\n\u003C\/table\u003E\n\u003Cp style=\u0022text-align: center;\u0022\u003E\u003Cspan style=\u0022font-size: 12pt;\u0022\u003E\u003Cimg src=\u0022http:\/\/szpital2.bytom.pl\/images\/phocagallery\/default-divider.png\u0022 alt=\u0022sep\u0022 caption=\u0022false\u0022 width=\u0022600\u0022 height=\u002250\u0022 border=\u00220\u0022 \/\u003E\u00a0\u003C\/span\u003E\u003C\/p\u003E\n\u003Cp style=\u0022text-align: center;\u0022\u003E\u003Cspan style=\u0022text-decoration: underline; font-size: 14pt;\u0022\u003E\u003Cspan style=\u0022color: #5c7685;\u0022\u003E\u003Cstrong\u003EDzia\u0142 Ksi\u0119gowo-finansowy\u003C\/strong\u003E\u003C\/span\u003E\u003C\/span\u003E\u003C\/p\u003E\n\u003Cp style=\u0022text-align: center;\u0022\u003E\u003Cspan style=\u0022font-size: 12pt; color: #333333;\u0022\u003EG\u0142\u00f3wna Ksi\u0119gowa - mgr Karina Kusz\u003C\/span\u003E\u003C\/p\u003E\n\u003Ctable style=\u0022margin-left: auto; margin-right: auto;\u0022 border=\u00220\u0022\u003E\n\u003Ctbody\u003E\n\u003Ctr\u003E\n\u003Ctd\u003E\u003C\/td\u003E\n\u003Ctd\u003E\u003Cspan style=\u0022color: #333333; font-size: 12pt;\u0022\u003E(32) 786 14 34\u003C\/span\u003E\u003C\/td\u003E\n\u003C\/tr\u003E\n\u003C\/tbody\u003E\n\u003C\/table\u003E\n\u003Ctable style=\u0022margin-left: auto; margin-right: auto;\u0022 border=\u00220\u0022\u003E\n\u003Ctbody\u003E\n\u003Ctr\u003E\n\u003Ctd\u003E\u003C\/td\u003E\n\u003Ctd\u003E\u003Cspan style=\u0022color: #333333; font-size: 12pt;\u0022\u003E \u003Ca href=\u0022mailto:karinakusz@szpital2.bytom.pl\u0022\u003Ekarinakusz@szpital2.bytom.pl\u003C\/a\u003E\u003C\/span\u003E\u003C\/td\u003E\n\u003C\/tr\u003E\n\u003C\/tbody\u003E\n\u003C\/table\u003E\n\u003Cp style=\u0022text-align: center;\u0022\u003E\u003Cspan style=\u0022font-size: 12pt; color: #333333;\u0022\u003EZast\u0119pca G\u0142\u00f3wnego Ksi\u0119gowego - mgr El\u017cbieta Zuber\u00a0\u003C\/span\u003E\u003C\/p\u003E\n\u003Ctable style=\u0022margin-left: auto; margin-right: auto;\u0022 border=\u00220\u0022\u003E\n\u003Ctbody\u003E\n\u003Ctr\u003E\n\u003Ctd\u003E\u003C\/td\u003E\n\u003Ctd\u003E\u003Cspan style=\u0022color: #333333; font-size: 12pt;\u0022\u003E(32) 786 14 35\u003C\/span\u003E\u003C\/td\u003E\n\u003C\/tr\u003E\n\u003C\/tbody\u003E\n\u003C\/table\u003E\n\u003Ctable style=\u0022margin-left: auto; margin-right: auto;\u0022 border=\u00220\u0022\u003E\n\u003Ctbody\u003E\n\u003Ctr\u003E\n\u003Ctd\u003E\u003C\/td\u003E\n\u003Ctd\u003E\u003Cspan style=\u0022color: #333333; font-size: 12pt;\u0022\u003E \u003Ca href=\u0022mailto:ezuber@szpital2.bytom.pl\u0022\u003Eezuber@szpital2.bytom.pl\u003C\/a\u003E\u003C\/span\u003E\u003C\/td\u003E\n\u003C\/tr\u003E\n\u003C\/tbody\u003E\n\u003C\/table\u003E\n\u003Cp\u003E\u003Cspan style=\u0022font-size: 12pt;\u0022\u003E\u003Cimg src=\u0022http:\/\/szpital2.bytom.pl\/images\/phocagallery\/default-divider.png\u0022 alt=\u0022sep\u0022 caption=\u0022false\u0022 style=\u0022display: block; margin-left: auto; margin-right: auto;\u0022 width=\u0022600\u0022 height=\u002250\u0022 border=\u00220\u0022 \/\u003E\u003C\/span\u003E\u003C\/p\u003E\n\u003Cp style=\u0022text-align: center;\u0022\u003E\u003Cspan style=\u0022text-decoration: underline; font-size: 14pt;\u0022\u003E\u003Cspan style=\u0022color: #5c7685;\u0022\u003E\u003Cstrong\u003EDzia\u0142\u00a0Organizacji, Kontraktowania i Statystyki\u003C\/strong\u003E\u003C\/span\u003E\u003C\/span\u003E\u003C\/p\u003E\n\u003Cp style=\u0022text-align: center;\u0022\u003E\u003Cspan style=\u0022font-size: 12pt; color: #333333;\u0022\u003EKierownik - mgr in\u017c. Joanna Pier\u015bcie\u0144ska\u003Cbr \/\u003E\u003C\/span\u003E\u003C\/p\u003E\n\u003Ctable style=\u0022margin-left: auto; margin-right: auto;\u0022 border=\u00220\u0022\u003E\n\u003Ctbody\u003E\n\u003Ctr\u003E\n\u003Ctd\u003E\u003C\/td\u003E\n\u003Ctd\u003E\u003Cspan style=\u0022color: #333333; font-size: 12pt;\u0022\u003E(32) 786 14 45\u003C\/span\u003E\u003C\/td\u003E\n\u003C\/tr\u003E\n\u003C\/tbody\u003E\n\u003C\/table\u003E\n\u003Ctable style=\u0022margin-left: auto; margin-right: auto;\u0022 border=\u00220\u0022\u003E\n\u003Ctbody\u003E\n\u003Ctr\u003E\n\u003Ctd\u003E\u003C\/td\u003E\n\u003Ctd\u003E\u003Cspan style=\u0022color: #333333; font-size: 12pt;\u0022\u003E \u003Ca href=\u0022mailto:jpierscienska@szpital2.bytom.pl\u0022\u003Ejpierscienska@szpital2.bytom.pl\u003C\/a\u003E\u003C\/span\u003E\u003C\/td\u003E\n\u003C\/tr\u003E\n\u003C\/tbody\u003E\n\u003C\/table\u003E\n\u003Cp style=\u0022text-align: center;\u0022\u003E\u003Cspan style=\u0022font-size: 12pt;\u0022\u003E\u00a0\u003Cimg src=\u0022http:\/\/szpital2.bytom.pl\/images\/phocagallery\/default-divider.png\u0022 alt=\u0022sep\u0022 caption=\u0022false\u0022 width=\u0022600\u0022 height=\u002250\u0022 border=\u00220\u0022 \/\u003E\u003C\/span\u003E\u003C\/p\u003E\n\u003Cp style=\u0022text-align: center;\u0022\u003E\u003Cspan style=\u0022color: #5c7685; font-size: 14pt;\u0022\u003E\u003Cstrong\u003E\u003Cspan style=\u0022text-decoration: underline;\u0022\u003EDzia\u0142\u00a0Techniczno-Gospodarczy\u003C\/span\u003E \u003C\/strong\u003E \u003C\/span\u003E\u003C\/p\u003E\n\u003Cp style=\u0022text-align: center;\u0022\u003E\u003Cspan style=\u0022font-size: 12pt; color: #333333;\u0022\u003EKierownik - mgr in\u017c. Marcin Mazur\u003C\/span\u003E\u003C\/p\u003E\n\u003Ctable style=\u0022margin-left: auto; margin-right: auto;\u0022 border=\u00220\u0022\u003E\n\u003Ctbody\u003E\n\u003Ctr\u003E\n\u003Ctd\u003E\u003C\/td\u003E\n\u003Ctd\u003E\u003Cspan style=\u0022color: #333333; font-size: 12pt;\u0022\u003E(32) 786 16 43\u003C\/span\u003E\u003C\/td\u003E\n\u003C\/tr\u003E\n\u003C\/tbody\u003E\n\u003C\/table\u003E\n\u003Ctable style=\u0022margin-left: auto; margin-right: auto;\u0022 border=\u00220\u0022\u003E\n\u003Ctbody\u003E\n\u003Ctr\u003E\n\u003Ctd\u003E\u003C\/td\u003E\n\u003Ctd\u003E\u003Cspan style=\u0022color: #333333; font-size: 12pt;\u0022\u003E \u003Ca href=\u0022mailto:mmazur@szpital2.bytom.pl\u0022\u003Emmazur@szpital2.bytom.pl\u003C\/a\u003E\u003C\/span\u003E\u003C\/td\u003E\n\u003C\/tr\u003E\n\u003C\/tbody\u003E\n\u003C\/table\u003E\n\u003Cp\u003E\u003Cspan style=\u0022font-size: 12pt;\u0022\u003E\u003Cimg src=\u0022http:\/\/szpital2.bytom.pl\/images\/phocagallery\/default-divider.png\u0022 alt=\u0022sep\u0022 caption=\u0022false\u0022 style=\u0022display: block; margin-left: auto; margin-right: auto;\u0022 width=\u0022600\u0022 height=\u002250\u0022 border=\u00220\u0022 \/\u003E\u003C\/span\u003E\u003C\/p\u003E\n\u003Cp style=\u0022text-align: center;\u0022\u003E\u003Cspan style=\u0022text-decoration: underline; font-size: 14pt;\u0022\u003E\u003Cspan style=\u0022color: #5c7685;\u0022\u003E\u003Cstrong\u003EKoordynator ds. Kontraktowania, \u003Cbr \/\u003EStatystyki i Realizacji \u015awiadcze\u0144 Medycznych \u003C\/strong\u003E \u003C\/span\u003E \u003C\/span\u003E\u003C\/p\u003E\n\u003Cp style=\u0022text-align: center;\u0022\u003E\u003Cspan style=\u0022font-size: 12pt;\u0022\u003E\u003Cspan style=\u0022color: #333333;\u0022\u003EBo\u017cena Urbaniak\u003C\/span\u003E\u003Cspan style=\u0022color: #5c7685;\u0022\u003E\u003Cstrong\u003E\u003Cbr \/\u003E\u003C\/strong\u003E\u003C\/span\u003E\u003C\/span\u003E\u003C\/p\u003E\n\u003Ctable style=\u0022margin-left: auto; margin-right: auto;\u0022 border=\u00220\u0022\u003E\n\u003Ctbody\u003E\n\u003Ctr\u003E\n\u003Ctd\u003E\u003C\/td\u003E\n\u003Ctd\u003E\u003Cspan style=\u0022color: #333333; font-size: 12pt;\u0022\u003E(32) 786 14 66\u003C\/span\u003E\u003C\/td\u003E\n\u003C\/tr\u003E\n\u003C\/tbody\u003E\n\u003C\/table\u003E\n\u003Ctable style=\u0022margin-left: auto; margin-right: auto;\u0022 border=\u00220\u0022\u003E\n\u003Ctbody\u003E\n\u003Ctr\u003E\n\u003Ctd\u003E\u003C\/td\u003E\n\u003Ctd\u003E\u003Cspan style=\u0022color: #333333; font-size: 12pt;\u0022\u003E \u003Ca href=\u0022mailto:burbaniak@szpital2.bytom.pl\u0022\u003Eburbaniak@szpital2.bytom.pl\u003C\/a\u003E\u003C\/span\u003E\u003C\/td\u003E\n\u003C\/tr\u003E\n\u003C\/tbody\u003E\n\u003C\/table\u003E\n\u003Cp\u003E\u003Cspan style=\u0022font-size: 12pt;\u0022\u003E\u003Cimg src=\u0022http:\/\/szpital2.bytom.pl\/images\/phocagallery\/default-divider.png\u0022 alt=\u0022sep\u0022 caption=\u0022false\u0022 style=\u0022display: block; margin-left: auto; margin-right: auto;\u0022 width=\u0022600\u0022 height=\u002250\u0022 border=\u00220\u0022 \/\u003E\u003C\/span\u003E\u003C\/p\u003E\n\u003Cp style=\u0022text-align: center;\u0022\u003E\u003Cspan style=\u0022font-size: 12pt;\u0022\u003E\u003Cstrong\u003E\u003Cspan style=\u0022text-decoration: underline;\u0022\u003E\u003Cspan style=\u0022color: #5c7685; text-decoration: underline;\u0022\u003E\u003Cspan style=\u0022font-size: 14pt;\u0022\u003ESekcja Zam\u00f3wie\u0144 Publicznych\u003C\/span\u003E\u003Cbr \/\u003E\u003C\/span\u003E\u003C\/span\u003E\u003C\/strong\u003E\u003C\/span\u003E\u003C\/p\u003E\n\u003Ctable style=\u0022margin-left: auto; margin-right: auto;\u0022 border=\u00220\u0022\u003E\n\u003Ctbody\u003E\n\u003Ctr\u003E\n\u003Ctd\u003E\u003C\/td\u003E\n\u003Ctd\u003E\u003Cspan style=\u0022color: #333333; font-size: 12pt;\u0022\u003E(32) 786 14 28\u003C\/span\u003E\u003C\/td\u003E\n\u003C\/tr\u003E\n\u003C\/tbody\u003E\n\u003C\/table\u003E\n\u003Ctable style=\u0022margin-left: auto; margin-right: auto;\u0022 border=\u00220\u0022\u003E\n\u003Ctbody\u003E\n\u003Ctr\u003E\n\u003Ctd\u003E\u003C\/td\u003E\n\u003Ctd\u003E\u003Cspan style=\u0022color: #333333; font-size: 12pt;\u0022\u003E \u003Ca href=\u0022mailto:zp@szpital2.bytom.pl\u0022\u003Ezp@szpital2.bytom.pl\u003C\/a\u003E\u003C\/span\u003E\u003C\/td\u003E\n\u003C\/tr\u003E\n\u003C\/tbody\u003E\n\u003C\/table\u003E\n\u003Cp\u003E\u003Cspan style=\u0022font-size: 12pt;\u0022\u003E\u003Cstrong\u003E\u003Cimg src=\u0022http:\/\/szpital2.bytom.pl\/images\/default-divider.png\u0022 alt=\u0022sep\u0022 caption=\u0022false\u0022 style=\u0022display: block; margin-left: auto; margin-right: auto;\u0022 width=\u0022600\u0022 height=\u002250\u0022 border=\u00220\u0022 \/\u003E\u003C\/strong\u003E\u003C\/span\u003E\u003C\/p\u003E\n\u003Cp style=\u0022text-align: center;\u0022\u003E\u003Cspan style=\u0022font-size: 12pt;\u0022\u003E\u003Cstrong\u003E\u003Cspan style=\u0022text-decoration: underline;\u0022\u003E\u003Cspan style=\u0022color: #5c7685; text-decoration: underline;\u0022\u003E\u003Cspan style=\u0022font-size: 14pt;\u0022\u003ERzecznik Prasowy\u003C\/span\u003E\u003C\/span\u003E\u003C\/span\u003E\u003C\/strong\u003E\u003C\/span\u003E\u003C\/p\u003E\n\u003Ctable style=\u0022margin-left: auto; margin-right: auto;\u0022 border=\u00220\u0022\u003E\n\u003Ctbody\u003E\n\u003Ctr\u003E\n\u003Ctd\u003E\u003Cspan style=\u0022color: #333333; font-size: 12pt;\u0022\u003E(32)\u00a0786 16\u00a042\u003C\/span\u003E\u003C\/td\u003E\n\u003C\/tr\u003E\n\u003C\/tbody\u003E\n\u003C\/table\u003E","promotion":false}},{"id":"93bd42ce-7312-11e9-90c1-000c290e6fc2","type":"Gallery","name":"Galeria","description":"Galeria"},{"id":"93bd956b-7312-11e9-90c1-000c290e6fc2","type":"Attachment","name":"Za\u0142\u0105czniki","description":"Za\u0142\u0105czniki do strony"},{"id":"d63e71ef-92cf-11f0-b976-00505697ccff","type":"PageThumbnail","name":"","description":"Miniaturka strony","content":[]}]}