{"id":13,"name":"kierownictwo","title":"Kierownictwo","desc":"","header":"Kierownictwo","lead":"","keywords":"","changes":"poprawiono dane","menu":"Kierownictwo","path":"\/kierownictwo.html","url":"\/kierownictwo.html","infoOwner":"Jednostka 3","dateFirstPublicate":"2021-08-12 09:37:32","dateLastVersionPublicate":"2025-02-10 14:18:28","dateAvailableFrom":"2021-08-12 09:36:57","dateAvailableTo":"","type":"jednostki_Zwyk\u0142a","pageParams":[],"components":[{"id":"93bb94fe-7312-11e9-90c1-000c290e6fc2","type":"SectionDescription","name":"","description":"Zajawka sekcji","content":[]},{"id":"93bbe8e3-7312-11e9-90c1-000c290e6fc2","type":"PageTitle","name":"Tytu\u0142 strony","description":"Tytu\u0142 strony","content":{"title":"Kierownictwo"}},{"id":"93bc435c-7312-11e9-90c1-000c290e6fc2","type":"PageDescription","name":"","description":"Zajawka strony","content":[]},{"id":"93bcef8e-7312-11e9-90c1-000c290e6fc2","type":"ContentWYSIWYG","name":"Tre\u015b\u0107","description":"Tre\u015b\u0107 strony","content":{"content":"\u003Cp style=\u0022text-align: center;\u0022\u003E\u003Cspan style=\u0022text-decoration: underline; font-size: large; color: #5c7685;\u0022\u003E\u003Cstrong style=\u0022line-height: 1.3em;\u0022\u003EDyrektor\u003C\/strong\u003E\u003C\/span\u003E\u003C\/p\u003E\n\u003Cp style=\u0022text-align: center;\u0022\u003E\u003Cspan style=\u0022font-size: large;\u0022\u003E\u003Cstrong\u003E\u003Cspan style=\u0022text-decoration: underline; color: #5c7685;\u0022\u003EHalina Czapla\u003C\/span\u003E\u003C\/strong\u003E\u003C\/span\u003E\u003C\/p\u003E\n\u003Ctable style=\u0022margin-left: auto; margin-right: auto;\u0022 border=\u00220\u0022\u003E\n\u003Ctbody\u003E\n\u003Ctr\u003E\n\u003Ctd style=\u0022text-align: center;\u0022 valign=\u0022middle\u0022 align=\u0022center\u0022\u003E\u003C\/td\u003E\n\u003Ctd valign=\u0022middle\u0022 align=\u0022center\u0022\u003E\u003Cspan style=\u0022font-size: medium;\u0022\u003E\u003Cspan style=\u0022color: #333333;\u0022\u003E\u00a0(32) 786 16 42\u003C\/span\u003E\u003Cbr \/\u003E \u003C\/span\u003E\u003C\/td\u003E\n\u003C\/tr\u003E\n\u003C\/tbody\u003E\n\u003C\/table\u003E\n\u003Cp\u003E\u00a0\u003C\/p\u003E\n\u003Ctable style=\u0022margin-right: auto; margin-left: auto;\u0022 border=\u00220\u0022\u003E\n\u003Ctbody\u003E\n\u003Ctr\u003E\n\u003Ctd style=\u0022text-align: center;\u0022 valign=\u0022middle\u0022\u003E\u003C\/td\u003E\n\u003Ctd style=\u0022text-align: center;\u0022 valign=\u0022middle\u0022\u003E\u003Cspan style=\u0022font-size: medium;\u0022\u003E\u003Ca href=\u0022mailto: \u0026lt;script type=\u0027text\/javascript\u0027\u0026gt; \u0026lt;!-- var prefix = \u0027ma\u0027 + \u0027il\u0027 + \u0027to\u0027; var path = \u0027hr\u0027 + \u0027ef\u0027 + \u0027=\u0027; var addy24551 = \u0027krystynalukomska\u0027 + \u0027@\u0027; addy24551 = addy24551 + \u0027szpitalspec2\u0027 + \u0027.\u0027 + \u0027bytom\u0027 + \u0027.\u0027 + \u0027ids\u0027 + \u0027.\u0027 + \u0027pl\u0027; document.write(\u0027\u0026lt;a \u0027 + path + \u0027\\\u0027\u0027 + prefix + \u0027:\u0027 + addy24551 + \u0027\\\u0027\u0026gt;\u0027); document.write(addy24551); document.write(\u0027\u0026lt;\\\/a\u0026gt;\u0027); \/\/--\u0026gt;\\n \u0026lt;\/script\u0026gt;\u0026lt;script type=\u0027text\/javascript\u0027\u0026gt; \u0026lt;!-- document.write(\u0027\u0026lt;span style=\\\u0027display: none;\\\u0027\u0026gt;\u0027); \/\/--\u0026gt; \u0026lt;\/script\u0026gt;Ten adres pocztowy jest chroniony przed spamowaniem. Aby go zobaczy\u0107, konieczne jest w\u0142\u0105czenie w przegl\u0105darce obs\u0142ugi JavaScript. \u0026lt;script type=\u0027text\/javascript\u0027\u0026gt; \u0026lt;!-- document.write(\u0027\u0026lt;\/\u0027); document.write(\u0027span\u0026gt;\u0027); \/\/--\u0026gt; \u0026lt;\/script\u0026gt;\u0022\u003E\u003C\/a\u003E\u003C\/span\u003E\u003Cspan style=\u0022font-size: 12pt;\u0022\u003E \u003Ca href=\u0022mailto:sekretariat@szpital2.bytom.pl\u0022\u003Esekretariat@szpital2.bytom.pl\u003C\/a\u003E\u003C\/span\u003E\u003C\/td\u003E\n\u003C\/tr\u003E\n\u003C\/tbody\u003E\n\u003C\/table\u003E\n\u003Cp style=\u0022text-align: center;\u0022\u003E\u003Cspan style=\u0022font-size: medium;\u0022\u003E\u003Cstrong\u003E\u003Ca class=\u0022content-image\u0022 href=\u0022http:\/\/szpital2.bytom.pl\/images\/phocagallery\/default-divider.png\u0022\u003E\u003Cimg src=\u0022http:\/\/szpital2.bytom.pl\/images\/phocagallery\/default-divider.png\u0022 alt=\u0022\u0022 border=\u00220\u0022 \/\u003E\u003C\/a\u003E\u003C\/strong\u003E\u003C\/span\u003E\u003C\/p\u003E\n\u003Cp style=\u0022text-align: center;\u0022\u003E\u003Cspan style=\u0022text-decoration: underline; color: #5c7685;\u0022\u003E\u003Cspan style=\u0022font-size: medium;\u0022\u003E\u003Cstrong\u003EZ\u003C\/strong\u003E\u003Cstrong\u003E-ca\u00a0Dyrektora ds. Lecznictwa\u003Cbr \/\u003E\u003C\/strong\u003E\u003C\/span\u003E\u003C\/span\u003E\u003Cspan style=\u0022font-size: medium; color: #333333;\u0022\u003E\u003Cbr \/\u003E\u003Cspan\u003Edr n. med. Leszek Jagodzi\u0144ski\u003C\/span\u003E\u003Cbr \/\u003E\u003C\/span\u003E\u003C\/p\u003E\n\u003Ctable style=\u0022margin-left: auto; margin-right: auto;\u0022 border=\u00220\u0022\u003E\n\u003Ctbody\u003E\n\u003Ctr\u003E\n\u003Ctd style=\u0022text-align: center;\u0022 valign=\u0022middle\u0022 align=\u0022center\u0022\u003E\u003C\/td\u003E\n\u003Ctd valign=\u0022middle\u0022 align=\u0022center\u0022\u003E\u003Cspan style=\u0022color: #333333;\u0022\u003E\u00a0\u003Cspan style=\u0022font-size: medium;\u0022\u003E(32)\u00a0786 14 29\u003C\/span\u003E\u003C\/span\u003E\u003C\/td\u003E\n\u003C\/tr\u003E\n\u003C\/tbody\u003E\n\u003C\/table\u003E\n\u003Ctable style=\u0022margin-right: auto; margin-left: auto;\u0022 border=\u00220\u0022\u003E\n\u003Ctbody\u003E\n\u003Ctr\u003E\n\u003Ctd style=\u0022text-align: center;\u0022 valign=\u0022middle\u0022\u003E\u003C\/td\u003E\n\u003Ctd style=\u0022text-align: center;\u0022 valign=\u0022middle\u0022\u003E\u003Cspan style=\u0022font-size: 12pt;\u0022\u003E \u003Ca href=\u0022mailto:sekretariat2@szpital2.bytom.pl\u0022\u003Esekretariat2@szpital2.bytom.pl\u003C\/a\u003E\u003C\/span\u003E\u003C\/td\u003E\n\u003C\/tr\u003E\n\u003C\/tbody\u003E\n\u003C\/table\u003E\n\u003Cp style=\u0022text-align: center;\u0022\u003E\u003Cspan style=\u0022font-size: medium;\u0022\u003E\u003Ca class=\u0022content-image\u0022 href=\u0022http:\/\/szpital2.bytom.pl\/images\/phocagallery\/default-divider.png\u0022\u003E\u003Cimg src=\u0022http:\/\/szpital2.bytom.pl\/images\/phocagallery\/default-divider.png\u0022 alt=\u0022\u0022 border=\u00220\u0022 \/\u003E\u003C\/a\u003E\u003C\/span\u003E\u003C\/p\u003E\n\u003Cp style=\u0022text-align: center;\u0022\u003E\u003Cspan style=\u0022font-size: medium; color: #5c7685;\u0022\u003E\u003Cspan style=\u0022text-decoration: underline;\u0022\u003E\u003Cstrong\u003EZ-ca Dyrektora ds. Administracyjno-Technicznych\u003C\/strong\u003E\u003C\/span\u003E\u003C\/span\u003E\u003C\/p\u003E\n\u003Cp style=\u0022text-align: center;\u0022\u003E\u003Cspan style=\u0022font-size: medium; color: #333333;\u0022\u003EWojciech Wieczorek\u003C\/span\u003E\u003C\/p\u003E\n\u003Ctable style=\u0022margin-left: auto; margin-right: auto;\u0022 border=\u00220\u0022\u003E\n\u003Ctbody\u003E\n\u003Ctr\u003E\n\u003Ctd style=\u0022text-align: center;\u0022 valign=\u0022middle\u0022 align=\u0022center\u0022\u003E\u003C\/td\u003E\n\u003Ctd valign=\u0022middle\u0022 align=\u0022center\u0022\u003E\u003Cspan style=\u0022color: #333333;\u0022\u003E\u00a0\u003Cspan style=\u0022font-size: medium;\u0022\u003E(32)\u00a0786 14 29\u003C\/span\u003E \u003C\/span\u003E\u003C\/td\u003E\n\u003C\/tr\u003E\n\u003C\/tbody\u003E\n\u003C\/table\u003E\n\u003Ctable style=\u0022margin-left: auto; margin-right: auto;\u0022 border=\u00220\u0022\u003E\n\u003Ctbody\u003E\n\u003Ctr\u003E\n\u003Ctd style=\u0022text-align: center;\u0022 valign=\u0022middle\u0022\u003E\u003C\/td\u003E\n\u003Ctd style=\u0022text-align: center;\u0022 valign=\u0022middle\u0022\u003E\u003Cspan style=\u0022font-size: 12pt;\u0022\u003E\u003Ca href=\u0022mailto: \u0026lt;script type=\u0027text\/javascript\u0027\u0026gt; \u0026lt;!-- var prefix = \u0027ma\u0027 + \u0027il\u0027 + \u0027to\u0027; var path = \u0027hr\u0027 + \u0027ef\u0027 + \u0027=\u0027; var addy94860 = \u0027krystynalukomska\u0027 + \u0027@\u0027; addy94860 = addy94860 + \u0027szpitalspec2\u0027 + \u0027.\u0027 + \u0027bytom\u0027 + \u0027.\u0027 + \u0027ids\u0027 + \u0027.\u0027 + \u0027pl\u0027; document.write(\u0027\u0026lt;a \u0027 + path + \u0027\\\u0027\u0027 + prefix + \u0027:\u0027 + addy94860 + \u0027\\\u0027\u0026gt;\u0027); document.write(addy94860); document.write(\u0027\u0026lt;\\\/a\u0026gt;\u0027); \/\/--\u0026gt;\\n \u0026lt;\/script\u0026gt;\u0026lt;script type=\u0027text\/javascript\u0027\u0026gt; \u0026lt;!-- document.write(\u0027\u0026lt;span style=\\\u0027display: none;\\\u0027\u0026gt;\u0027); \/\/--\u0026gt; \u0026lt;\/script\u0026gt;Ten adres pocztowy jest chroniony przed spamowaniem. Aby go zobaczy\u0107, konieczne jest w\u0142\u0105czenie w przegl\u0105darce obs\u0142ugi JavaScript. \u0026lt;script type=\u0027text\/javascript\u0027\u0026gt; \u0026lt;!-- document.write(\u0027\u0026lt;\/\u0027); document.write(\u0027span\u0026gt;\u0027); \/\/--\u0026gt; \u0026lt;\/script\u0026gt;\u0022\u003E\u003C\/a\u003E \u003Ca href=\u0022mailto:wwieczorek@szpitalspec2.bytom.ids.pl\u0022\u003Ewwieczorek@szpital2.bytom.pl\u003C\/a\u003E\u003C\/span\u003E\u003C\/td\u003E\n\u003C\/tr\u003E\n\u003C\/tbody\u003E\n\u003C\/table\u003E\n\u003Cp style=\u0022text-align: center;\u0022\u003E\u003Cspan style=\u0022font-size: medium;\u0022\u003E\u003Ca class=\u0022content-image\u0022 href=\u0022http:\/\/szpital2.bytom.pl\/images\/phocagallery\/default-divider.png\u0022\u003E\u003Cimg src=\u0022http:\/\/szpital2.bytom.pl\/images\/phocagallery\/default-divider.png\u0022 alt=\u0022\u0022 border=\u00220\u0022 \/\u003E\u003C\/a\u003E\u003C\/span\u003E\u003C\/p\u003E\n\u003Cp style=\u0022text-align: center;\u0022\u003E\u003Cspan style=\u0022text-decoration: underline; color: #5c7685;\u0022\u003E\u003Cspan style=\u0022font-size: medium;\u0022\u003E\u003Cstrong\u003ENaczelna Piel\u0119gniarka\u003C\/strong\u003E\u003C\/span\u003E\u003C\/span\u003E\u003C\/p\u003E\n\u003Cp style=\u0022text-align: center;\u0022\u003E\u003Cspan style=\u0022font-size: medium; color: #333333;\u0022\u003Emgr Urszula Wyszkowska\u003C\/span\u003E\u003C\/p\u003E\n\u003Ctable style=\u0022margin-left: auto; margin-right: auto;\u0022 border=\u00220\u0022\u003E\n\u003Ctbody\u003E\n\u003Ctr\u003E\n\u003Ctd style=\u0022text-align: center;\u0022 valign=\u0022middle\u0022 align=\u0022center\u0022\u003E\u003C\/td\u003E\n\u003Ctd valign=\u0022middle\u0022 align=\u0022center\u0022\u003E\u003Cspan style=\u0022color: #333333;\u0022\u003E\u00a0\u003Cspan style=\u0022font-size: medium;\u0022\u003E(32)\u00a0786 14 95 \u003C\/span\u003E \u003C\/span\u003E\u003C\/td\u003E\n\u003C\/tr\u003E\n\u003C\/tbody\u003E\n\u003C\/table\u003E\n\u003Ctable style=\u0022margin-left: auto; margin-right: auto;\u0022 border=\u00220\u0022\u003E\n\u003Ctbody\u003E\n\u003Ctr\u003E\n\u003Ctd valign=\u0022middle\u0022 align=\u0022center\u0022\u003E\u003C\/td\u003E\n\u003Ctd valign=\u0022middle\u0022 align=\u0022center\u0022\u003E\u003Cspan style=\u0022font-size: medium;\u0022\u003E\u00a0 \u003Ca href=\u0022mailto:uwyszkowska@szpital2.bytom.pl\u0022\u003Euwyszkowska@szpital2.bytom.pl\u003C\/a\u003E\u003C\/span\u003E\u003C\/td\u003E\n\u003C\/tr\u003E\n\u003C\/tbody\u003E\n\u003C\/table\u003E\n\u003Cp style=\u0022text-align: center;\u0022\u003E\u00a0\u003C\/p\u003E\n\u003Cp style=\u0022text-align: center;\u0022\u003E\u003Cspan style=\u0022font-size: medium;\u0022\u003E\u003Ca class=\u0022content-image\u0022 href=\u0022http:\/\/szpital2.bytom.pl\/images\/phocagallery\/default-divider.png\u0022\u003E\u003Cimg src=\u0022http:\/\/szpital2.bytom.pl\/images\/phocagallery\/default-divider.png\u0022 alt=\u0022\u0022 border=\u00220\u0022 \/\u003E\u003C\/a\u003E\u003C\/span\u003E\u003C\/p\u003E\n\u003Cp style=\u0022text-align: center;\u0022\u003E\u003Cspan style=\u0022text-decoration: underline; color: #5c7685;\u0022\u003E\u003Cspan style=\u0022font-size: medium;\u0022\u003E\u003Cstrong\u003EG\u0142\u00f3wna Ksi\u0119gowa\u003C\/strong\u003E\u003C\/span\u003E\u003C\/span\u003E\u003C\/p\u003E\n\u003Cp style=\u0022text-align: center;\u0022\u003E\u003Cspan style=\u0022font-size: medium; color: #333333;\u0022\u003Emgr Karina Kusz\u003C\/span\u003E\u003C\/p\u003E\n\u003Ctable style=\u0022margin-left: auto; margin-right: auto;\u0022 border=\u00220\u0022\u003E\n\u003Ctbody\u003E\n\u003Ctr\u003E\n\u003Ctd style=\u0022text-align: center;\u0022 valign=\u0022middle\u0022 align=\u0022center\u0022\u003E\u003C\/td\u003E\n\u003Ctd valign=\u0022middle\u0022 align=\u0022center\u0022\u003E\u003Cspan style=\u0022color: #333333;\u0022\u003E\u00a0\u003Cspan style=\u0022font-size: medium;\u0022\u003E(32)\u00a0786 14 34\u003C\/span\u003E \u003C\/span\u003E\u003C\/td\u003E\n\u003C\/tr\u003E\n\u003C\/tbody\u003E\n\u003C\/table\u003E\n\u003Ctable style=\u0022margin-left: auto; margin-right: auto;\u0022 border=\u00220\u0022\u003E\n\u003Ctbody\u003E\n\u003Ctr\u003E\n\u003Ctd valign=\u0022middle\u0022 align=\u0022center\u0022\u003E\u003C\/td\u003E\n\u003Ctd valign=\u0022middle\u0022 align=\u0022center\u0022\u003E\u003Cspan style=\u0022font-size: medium;\u0022\u003E\u003Ca href=\u0022mailto: \u0026lt;script type=\u0027text\/javascript\u0027\u0026gt; \u0026lt;!-- var prefix = \u0027ma\u0027 + \u0027il\u0027 + \u0027to\u0027; var path = \u0027hr\u0027 + \u0027ef\u0027 + \u0027=\u0027; var addy28646 = \u0027krystynalukomska\u0027 + \u0027@\u0027; addy28646 = addy28646 + \u0027szpitalspec2\u0027 + \u0027.\u0027 + \u0027bytom\u0027 + \u0027.\u0027 + \u0027ids\u0027 + \u0027.\u0027 + \u0027pl\u0027; document.write(\u0027\u0026lt;a \u0027 + path + \u0027\\\u0027\u0027 + prefix + \u0027:\u0027 + addy28646 + \u0027\\\u0027\u0026gt;\u0027); document.write(addy28646); document.write(\u0027\u0026lt;\\\/a\u0026gt;\u0027); \/\/--\u0026gt;\\n \u0026lt;\/script\u0026gt;\u0026lt;script type=\u0027text\/javascript\u0027\u0026gt; \u0026lt;!-- document.write(\u0027\u0026lt;span style=\\\u0027display: none;\\\u0027\u0026gt;\u0027); \/\/--\u0026gt; \u0026lt;\/script\u0026gt;Ten adres pocztowy jest chroniony przed spamowaniem. Aby go zobaczy\u0107, konieczne jest w\u0142\u0105czenie w przegl\u0105darce obs\u0142ugi JavaScript. \u0026lt;script type=\u0027text\/javascript\u0027\u0026gt; \u0026lt;!-- document.write(\u0027\u0026lt;\/\u0027); document.write(\u0027span\u0026gt;\u0027); \/\/--\u0026gt; \u0026lt;\/script\u0026gt;\u0022\u003E\u003C\/a\u003E\u003C\/span\u003E\u003Cspan style=\u0022font-size: medium;\u0022\u003E \u003Ca href=\u0022mailto:karinakusz@szpital2.bytom.pl\u0022\u003Ekarinakusz@szpital2.bytom.pl\u003C\/a\u003E\u003C\/span\u003E\u003C\/td\u003E\n\u003C\/tr\u003E\n\u003C\/tbody\u003E\n\u003C\/table\u003E\n\u003Cp style=\u0022text-align: center;\u0022\u003E\u003Cspan style=\u0022font-size: medium;\u0022\u003E\u003Cstrong style=\u0022font-size: medium;\u0022\u003E\u003Ca href=\u0022mailto: \u0026lt;script type=\u0027text\/javascript\u0027\u0026gt; \u0026lt;!-- var prefix = \u0027ma\u0027 + \u0027il\u0027 + \u0027to\u0027; var path = \u0027hr\u0027 + \u0027ef\u0027 + \u0027=\u0027; var addy49337 = \u0027kciesla\u0027 + \u0027@\u0027; addy49337 = addy49337 + \u0027szpitalspec2\u0027 + \u0027.\u0027 + \u0027bytom\u0027 + \u0027.\u0027 + \u0027ids\u0027 + \u0027.\u0027 + \u0027pl\u0027; document.write(\u0027\u0026lt;a \u0027 + path + \u0027\\\u0027\u0027 + prefix + \u0027:\u0027 + addy49337 + \u0027\\\u0027\u0026gt;\u0027); document.write(addy49337); document.write(\u0027\u0026lt;\\\/a\u0026gt;\u0027); \/\/--\u0026gt;\\n \u0026lt;\/script\u0026gt;\u0026lt;script type=\u0027text\/javascript\u0027\u0026gt; \u0026lt;!-- document.write(\u0027\u0026lt;span style=\\\u0027display: none;\\\u0027\u0026gt;\u0027); \/\/--\u0026gt; \u0026lt;\/script\u0026gt;Ten adres pocztowy jest chroniony przed spamowaniem. Aby go zobaczy\u0107, konieczne jest w\u0142\u0105czenie w przegl\u0105darce obs\u0142ugi JavaScript. \u0026lt;script type=\u0027text\/javascript\u0027\u0026gt; \u0026lt;!-- document.write(\u0027\u0026lt;\/\u0027); document.write(\u0027span\u0026gt;\u0027); \/\/--\u0026gt; \u0026lt;\/script\u0026gt;\u0022\u003E\u003C\/a\u003E\u003C\/strong\u003E\u003C\/span\u003E\u003C\/p\u003E\n\u003Cp style=\u0022text-align: center;\u0022\u003E\u003Cspan style=\u0022font-size: medium;\u0022\u003E\u003Ca class=\u0022content-image\u0022 href=\u0022http:\/\/szpital2.bytom.pl\/images\/phocagallery\/default-divider.png\u0022\u003E\u003Cimg src=\u0022http:\/\/szpital2.bytom.pl\/images\/phocagallery\/default-divider.png\u0022 alt=\u0022\u0022 border=\u00220\u0022 \/\u003E\u003C\/a\u003E\u003C\/span\u003E\u003C\/p\u003E\n\u003Cp style=\u0022text-align: center;\u0022\u003E\u003Cspan style=\u0022text-decoration: underline; color: #5c7685;\u0022\u003E\u003Cspan style=\u0022font-size: medium;\u0022\u003E\u003Cstrong\u003EKoordynator\u00a0ds. Jako\u015bci\u003C\/strong\u003E\u003C\/span\u003E\u003C\/span\u003E\u003C\/p\u003E\n\u003Cp style=\u0022text-align: center;\u0022\u003E\u003Cspan\u003Emgr Amelia Tomczyk-Nowak\u003C\/span\u003E\u003C\/p\u003E\n\u003Ctable style=\u0022margin-left: auto; margin-right: auto;\u0022 border=\u00220\u0022\u003E\n\u003Ctbody\u003E\n\u003Ctr\u003E\n\u003Ctd style=\u0022text-align: center;\u0022 valign=\u0022middle\u0022 align=\u0022center\u0022\u003E\u003C\/td\u003E\n\u003Ctd valign=\u0022middle\u0022 align=\u0022center\u0022\u003E\u003Cspan style=\u0022color: #333333;\u0022\u003E\u00a0\u003Cspan style=\u0022font-size: medium;\u0022\u003E(32)\u00a0786 14\u00a045\u003C\/span\u003E\u003C\/span\u003E\u003C\/td\u003E\n\u003C\/tr\u003E\n\u003C\/tbody\u003E\n\u003C\/table\u003E\n\u003Ctable style=\u0022margin-left: auto; margin-right: auto;\u0022 border=\u00220\u0022\u003E\n\u003Ctbody\u003E\n\u003Ctr\u003E\n\u003Ctd valign=\u0022middle\u0022 align=\u0022center\u0022\u003E\u003C\/td\u003E\n\u003Ctd valign=\u0022middle\u0022 align=\u0022center\u0022\u003E\u003Ca href=\u0022mailto:atomczyk@szpital2.bytom.pl\u0022 title=\u0022@szpital2.bytom.pl\u0022\u003Eatomczyk@szpital2.bytom.pl\u003C\/a\u003E\u003C\/td\u003E\n\u003C\/tr\u003E\n\u003C\/tbody\u003E\n\u003C\/table\u003E","promotion":false}},{"id":"93bd42ce-7312-11e9-90c1-000c290e6fc2","type":"Gallery","name":"Galeria","description":"Galeria"},{"id":"93bd956b-7312-11e9-90c1-000c290e6fc2","type":"Attachment","name":"Za\u0142\u0105czniki","description":"Za\u0142\u0105czniki do strony"},{"id":"d63e71ef-92cf-11f0-b976-00505697ccff","type":"PageThumbnail","name":"","description":"Miniaturka strony","content":[]}]}